{"id":1171,"date":"2017-04-06T14:58:44","date_gmt":"2017-04-06T13:58:44","guid":{"rendered":"http:\/\/www.mgv-rulle.de\/wp\/?page_id=1171"},"modified":"2026-02-25T16:25:34","modified_gmt":"2026-02-25T15:25:34","slug":"startseite","status":"publish","type":"page","link":"https:\/\/www.mgv-rulle.de\/wp\/","title":{"rendered":"Der Fr\u00fchling kommt"},"content":{"rendered":"<h1>Der Fr\u00fchling kommt<\/h1>\r\n<h1><img loading=\"lazy\" class=\"size-large wp-image-1473\" style=\"font-size: 16px;\" src=\"http:\/\/www.mgv-rulle.de\/wp\/wp-content\/uploads\/2015\/09\/Fr\u00fchling-600x381.jpg\" alt=\"\" width=\"600\" height=\"381\" srcset=\"https:\/\/www.mgv-rulle.de\/wp\/wp-content\/uploads\/2015\/09\/Fr\u00fchling-600x381.jpg 600w, https:\/\/www.mgv-rulle.de\/wp\/wp-content\/uploads\/2015\/09\/Fr\u00fchling-300x191.jpg 300w, https:\/\/www.mgv-rulle.de\/wp\/wp-content\/uploads\/2015\/09\/Fr\u00fchling-768x488.jpg 768w, https:\/\/www.mgv-rulle.de\/wp\/wp-content\/uploads\/2015\/09\/Fr\u00fchling.jpg 1858w\" sizes=\"(max-width: 600px) 100vw, 600px\" \/><\/h1>\r\n<strong>Der Fr\u00fchling kommt<\/strong><span style=\"font-size: 16px;\"><strong>\u00a0 \u00a0<\/strong> \u00a0 \u00a0 \u00a0 \u00a0 \u00a0 \u00a0 \u00a0 \u00a0 \u00a0 \u00a0 \u00a0<\/span>\r\n<h2><strong>Der Fr\u00fchling steht als Sinnbild f\u00fcr W\u00e4rme und Hoffnung sowie f\u00fcr Vielfalt und Neubeginn. <\/strong><\/h2>\r\n<h2><strong>Blicken wir also wieder mit Vorfreude auf alles, was wir in den kommenden Wochen erleben d\u00fcrfen.<\/strong><\/h2>\r\n<h2>\u00a0<\/h2>\r\n<h2>Fr\u00fchlingsgedicht<\/h2>\r\n<p><strong><em>Als dann der Fr\u00fchling im Garten stand,\u00a0 <\/em><\/strong><\/p>\r\n<p><strong><em>das Herz ein seltsam Sehnen empfand, <\/em><\/strong><\/p>\r\n<p><strong><em>und die Blumen und Kr\u00e4uter und jeder Baum <\/em><\/strong><\/p>\r\n<p><strong><em>wachten auf aus dem Wintertraum.\u00a0 <\/em><\/strong><\/p>\r\n<p>&nbsp;<\/p>\r\n<p><strong><em>Schneegl\u00f6ckchen und Veilchen hat \u00fcber Nacht <\/em><\/strong><\/p>\r\n<p><strong><em>der warme Regen ans Licht gebracht, <\/em><\/strong><\/p>\r\n<p><strong><em>aus Bl\u00fcten und dunkler Erde ein Duft <\/em><\/strong><\/p>\r\n<p><strong><em>durchzog wie ein sanftes Rufen die Luft.\u00a0 \u00a0<\/em><\/strong><\/p>\r\n<p><em>(Percy Bysshe Shelley)<\/em>\u00a0 \u00a0 \u00a0 \u00a0 \u00a0 \u00a0 \u00a0 \u00a0 \u00a0 \u00a0 \u00a0 \u00a0 \u00a0 \u00a0 \u00a0 \u00a0 \u00a0 \u00a0 \u00a0 \u00a0 \u00a0 \u00a0 \u00a0 \u00a0 \u00a0 \u00a0 \u00a0 \u00a0 \u00a0 \u00a0 \u00a0 \u00a0 \u00a0 \u00a0 \u00a0 \u00a0 \u00a0 \u00a0 \u00a0 \u00a0 \u00a0 \u00a0 \u00a0 \u00a0 \u00a0 \u00a0 \u00a0 \u00a0 \u00a0 \u00a0 \u00a0 \u00a0 \u00a0 \u00a0 \u00a0 \u00a0 \u00a0 \u00a0 \u00a0 \u00a0 \u00a0 \u00a0 \u00a0 \u00a0 \u00a0 \u00a0 \u00a0 \u00a0 \u00a0 \u00a0 \u00a0 \u00a0 \u00a0 \u00a0 \u00a0 \u00a0 \u00a0 \u00a0 \u00a0 \u00a0 \u00a0 \u00a0 \u00a0 \u00a0 \u00a0 \u00a0 \u00a0 \u00a0 \u00a0 \u00a0 \u00a0 \u00a0 \u00a0 \u00a0 \u00a0 \u00a0 \u00a0 \u00a0 \u00a0 \u00a0 \u00a0 \u00a0 \u00a0 \u00a0 \u00a0 \u00a0 \u00a0 \u00a0 \u00a0 \u00a0 \u00a0 \u00a0 \u00a0 \u00a0 \u00a0 \u00a0 \u00a0 \u00a0 \u00a0 \u00a0 \u00a0 \u00a0 \u00a0 \u00a0 \u00a0 \u00a0 \u00a0 \u00a0 \u00a0 \u00a0 \u00a0 \u00a0 \u00a0 \u00a0 \u00a0 \u00a0 \u00a0 \u00a0 \u00a0<\/p>\r\n<h3><strong>\u00a0 \u00a0<\/strong><\/h3>\r\n\r\n\r\n\r\n\r\n\r\n<h3><span style=\"color: #ff0000;\"><strong>Schauen sie mal unter Galerie!\u00a0<\/strong><\/span><\/h3>\r\n","protected":false},"excerpt":{"rendered":"<p>Der Fr\u00fchling kommt Der Fr\u00fchling kommt\u00a0 \u00a0 \u00a0 \u00a0 \u00a0 \u00a0 \u00a0 \u00a0 \u00a0 \u00a0 \u00a0 \u00a0 \u00a0 Der Fr\u00fchling steht als Sinnbild f\u00fcr W\u00e4rme und Hoffnung sowie f\u00fcr Vielfalt und Neubeginn. Blicken wir also wieder mit Vorfreude auf alles, was wir in den kommenden Wochen erleben d\u00fcrfen. \u00a0 Fr\u00fchlingsgedicht Als dann der Fr\u00fchling im [&hellip;]<\/p>\n","protected":false},"author":1,"featured_media":0,"parent":0,"menu_order":2,"comment_status":"closed","ping_status":"closed","template":"","meta":[],"_links":{"self":[{"href":"https:\/\/www.mgv-rulle.de\/wp\/index.php?rest_route=\/wp\/v2\/pages\/1171"}],"collection":[{"href":"https:\/\/www.mgv-rulle.de\/wp\/index.php?rest_route=\/wp\/v2\/pages"}],"about":[{"href":"https:\/\/www.mgv-rulle.de\/wp\/index.php?rest_route=\/wp\/v2\/types\/page"}],"author":[{"embeddable":true,"href":"https:\/\/www.mgv-rulle.de\/wp\/index.php?rest_route=\/wp\/v2\/users\/1"}],"replies":[{"embeddable":true,"href":"https:\/\/www.mgv-rulle.de\/wp\/index.php?rest_route=%2Fwp%2Fv2%2Fcomments&post=1171"}],"version-history":[{"count":50,"href":"https:\/\/www.mgv-rulle.de\/wp\/index.php?rest_route=\/wp\/v2\/pages\/1171\/revisions"}],"predecessor-version":[{"id":2167,"href":"https:\/\/www.mgv-rulle.de\/wp\/index.php?rest_route=\/wp\/v2\/pages\/1171\/revisions\/2167"}],"wp:attachment":[{"href":"https:\/\/www.mgv-rulle.de\/wp\/index.php?rest_route=%2Fwp%2Fv2%2Fmedia&parent=1171"}],"curies":[{"name":"wp","href":"https:\/\/api.w.org\/{rel}","templated":true}]}}